{"id":5887,"date":"2025-05-29T08:36:16","date_gmt":"2025-05-29T06:36:16","guid":{"rendered":"https:\/\/plater.edu.pl\/liceum\/?page_id=5887"},"modified":"2025-08-24T20:10:06","modified_gmt":"2025-08-24T18:10:06","slug":"rodo","status":"publish","type":"page","link":"https:\/\/plater.edu.pl\/liceum\/rodo\/","title":{"rendered":"Rodo"},"content":{"rendered":"<div id=\"tdi_1\" class=\"tdc-zone\"><div class=\"tdc_zone tdi_2  wpb_row td-pb-row\"  >\n<style scoped>\n\/* custom css - generated by TagDiv Composer *\/\n\n\/* custom css - generated by TagDiv Composer *\/\n\/* custom css - generated by TagDiv Composer *\/\n.tdi_2{\r\n                    min-height: 0;\r\n                }\n<\/style><div id=\"tdi_3\" class=\"tdc-row\"><div class=\"vc_row tdi_4  wpb_row td-pb-row\" >\n<style scoped>\n\/* custom css - generated by TagDiv Composer *\/\n\n\/* custom css - generated by TagDiv Composer *\/\n\/* custom css - generated by TagDiv Composer *\/\n.tdi_4,\r\n                .tdi_4 .tdc-columns{\r\n                    min-height: 0;\r\n                }.tdi_4,\r\n\t\t\t\t.tdi_4 .tdc-columns{\r\n\t\t\t\t    display: block;\r\n\t\t\t\t}.tdi_4 .tdc-columns{\r\n\t\t\t\t    width: 100%;\r\n\t\t\t\t}\n<\/style><div class=\"vc_column tdi_6  wpb_column vc_column_container tdc-column td-pb-span12\">\n<style scoped>\n\/* custom css - generated by TagDiv Composer *\/\n\n\/* custom css - generated by TagDiv Composer *\/\n\/* custom css - generated by TagDiv Composer *\/\n.tdi_6{\r\n                    vertical-align: baseline;\r\n                }.tdi_6 > .wpb_wrapper,\r\n\t\t\t\t.tdi_6 > .wpb_wrapper > .tdc-elements{\r\n\t\t\t\t    display: block;\r\n\t\t\t\t}.tdi_6 > .wpb_wrapper > .tdc-elements{\r\n\t\t\t\t    width: 100%;\r\n\t\t\t\t}.tdi_6 > .wpb_wrapper > .vc_row_inner{\r\n\t\t\t\t    width: auto;\r\n\t\t\t\t}.tdi_6 > .wpb_wrapper{\r\n\t\t\t\t    width: auto;\r\n\t\t\t\t    height: auto;\r\n\t\t\t\t}\n<\/style><div class=\"wpb_wrapper\" ><div class=\"td_block_wrap tdb_title tdi_7 tdb-page-title td-pb-border-top td_block_template_1\"  data-td-block-uid=\"tdi_7\" >\n<style>\n\/* custom css - generated by TagDiv Composer *\/\n\/* custom css - generated by TagDiv Composer *\/\n.tdb_title{\r\n                  margin-bottom: 19px;\r\n                }.tdb_title.tdb-content-horiz-center{\r\n                  text-align: center;\r\n                }.tdb_title.tdb-content-horiz-center .tdb-title-line{\r\n                  margin: 0 auto;\r\n                }.tdb_title.tdb-content-horiz-right{\r\n                  text-align: right;\r\n                }.tdb_title.tdb-content-horiz-right .tdb-title-line{\r\n                  margin-left: auto;\r\n                  margin-right: 0;\r\n                }.tdb-title-text{\r\n                  display: inline-block;\r\n                  position: relative;\r\n                  margin: 0;\r\n                  word-wrap: break-word;\r\n                  font-size: 30px;\r\n                  line-height: 38px;\r\n                  font-weight: 700;\r\n                }.tdb-first-letter{\r\n                  position: absolute;\r\n                  -webkit-user-select: none;\r\n                  user-select: none;\r\n                  pointer-events: none;\r\n                  text-transform: uppercase;\r\n                  color: rgba(0, 0, 0, 0.08);\r\n                  font-size: 6em;\r\n                  font-weight: 300;\r\n                  top: 50%;\r\n                  -webkit-transform: translateY(-50%);\r\n                  transform: translateY(-50%);\r\n                  left: -0.36em;\r\n                  z-index: -1;\r\n                  -webkit-text-fill-color: initial;\r\n                }.tdb-title-line{\r\n                  display: none;\r\n                  position: relative;\r\n                }.tdb-title-line:after{\r\n                  content: '';\r\n                  width: 100%;\r\n                  position: absolute;\r\n                  background-color: var(--td_theme_color, #4db2ec);\r\n                  top: 0;\r\n                  left: 0;\r\n                  margin: auto;\r\n                }.tdi_7 .tdb-title-text{\r\n\t\t\t\t\tbackground-color: var(--cs-red);\r\n\t\t\t\t\t-webkit-background-clip: text;\r\n\t\t\t\t\t-webkit-text-fill-color: transparent;\r\n\t\t\t\t}html[class*='ie'] .tdi_7 .tdb-title-text{\r\n\t\t\t\t    background: none;\r\n\t\t\t\t\tcolor: var(--cs-red);\r\n\t\t\t\t}.tdi_7 .tdb-title-line:after{\r\n\t\t\t\t\theight: 2px;\r\n\t\t\t\t\r\n\t\t\t\t\tbottom: 40%;\r\n\t\t\t\t}.tdi_7 .tdb-title-line{\r\n\t\t\t\t\theight: 50px;\r\n\t\t\t\t}.td-theme-wrap .tdi_7{\r\n\t\t\t\t\ttext-align: left;\r\n\t\t\t\t}.tdi_7 .tdb-first-letter{\r\n\t\t\t\t\tleft: -0.36em;\r\n\t\t\t\t\tright: auto;\r\n\t\t\t\t}\n<\/style><div class=\"tdb-block-inner td-fix-index\"><h1 class=\"tdb-title-text\">Sample Page Title<\/h1><div><\/div><div class=\"tdb-title-line\"><\/div><\/div><\/div><div class=\"td_block_wrap td_block_text_with_title tdi_8 tagdiv-type td-pb-border-top td_block_template_1\"  data-td-block-uid=\"tdi_8\" >\n<style>\n\/* custom css - generated by TagDiv Composer *\/\n\/* custom css - generated by TagDiv Composer *\/\n.td_block_text_with_title{\r\n                  margin-bottom: 44px;\r\n                  -webkit-transform: translateZ(0);\r\n                  transform: translateZ(0);\r\n                }.td_block_text_with_title p:last-child{\r\n                  margin-bottom: 0;\r\n                }\n<\/style><div class=\"td-block-title-wrap\"><\/div><div class=\"td_mod_wrap td-fix-index\"><p style=\"text-align: center;\"><strong>KLAUZULA INFORMACYJNA <\/strong><\/p>\n<p style=\"text-align: center;\"><strong>O PRZETWARZANIU DANYCH OSOBOWYCH<\/strong><\/p>\n<p><strong>\u00a0<\/strong><\/p>\n<p>Realizuj\u0105c obowi\u0105zek informacyjny wynikaj\u0105cy z art. 13 ust. 1 i 2 Rozporz\u0105dzenia Parlamentu Europejskiego i Rady (UE) 2016\/679 z dnia 27 kwietnia 2016r. w sprawie ochrony os\u00f3b fizycznych w zwi\u0105zku z przetwarzaniem danych osobowych i w sprawie swobodnego przep\u0142ywu takich danych oraz uchylenia dyrektywy95\/46\/WE (og\u00f3lne rozporz\u0105dzenie o ochronie danych) z dnia 27 kwietnia 2016r. (dalej: <strong>RODO<\/strong>), informujemy, \u017ce:<\/p>\n<p>\u00a0<\/p>\n<ol>\n<li><strong>ADMINISTRATOR DANYCH OSOBOWYCH<\/strong><\/li>\n<\/ol>\n<p>Administratorem Pa\u0144stwa danych osobowych jest II Liceum Og\u00f3lnokszta\u0142c\u0105ce z Oddzia\u0142ami Dwuj\u0119zycznymi im. Emilii Plater w Sosnowcu, reprezentowane przez Dyrektora.\u00a0<\/p>\n<ol start=\"2\">\n<li><strong>INSPEKTOR DANYCH OSOBOWYCH (IOD)<\/strong><\/li>\n<\/ol>\n<p>Inspektorem Danych Osobowych wyznaczonym dla II Liceum Og\u00f3lnokszta\u0142c\u0105cego<br \/>z Oddzia\u0142ami Dwuj\u0119zycznymi im. Emilii Plater w Sosnowcu jest Pan Przemys\u0142aw Szewczyk, z kt\u00f3rymi mo\u017cna si\u0119 kontaktowa\u0107 w sprawach dotycz\u0105cych ochrony danych osobowych i realizacji swoich praw w tym zakresie. Kontakt: e-mail: <a href=\"mailto:p.szewczyk@cuwsosnowiec.pl\">p.szewczyk@cuwsosnowiec.pl\u00a0<\/a>nr tel. (32) 292 44 64 wew. 217.<\/p>\n<ol start=\"3\">\n<li><strong>CELE I PODSTAWY PRAWNE PRZETWARZANIA <\/strong><\/li>\n<\/ol>\n<p>Podstaw\u0105 prawn\u0105 przetwarzania danych s\u0105:<\/p>\n<ol>\n<li>Ustawa z 14 grudnia 2016r. prawo o\u015bwiatowe (t. j. Dz. U. z 2021r., poz. 1082 ze zm.),<\/li>\n<li>Ustawa z 10 maja 2018r. o ochronie danych osobowych (Dz. U. z 2019r., poz. 1781),<\/li>\n<li>Uchwa\u0142a NR 439\/XXXV\/2016 Rady Miejskiej w Sosnowcu z 29 wrze\u015bnia 2016 roku w sprawie utworzenia samorz\u0105dowej jednostki organizacyjnej ,,Centrum Us\u0142ug Wsp\u00f3lnych w Sosnowcu\u201d oraz nadania jej statutu,<\/li>\n<li>6 ust. 1 lit. a, b, c, e Rozporz\u0105dzenia Parlamentu Europejskiego i Rady (UE) 2016\/679 z dnia 27 kwietnia 2016r. w sprawie ochrony os\u00f3b fizycznych w zwi\u0105zku z przetwarzaniem danych osobowych i w sprawie swobodnego przep\u0142ywu takich danych oraz uchylenia dyrektywy 95\/46\/WE (og\u00f3lne rozporz\u0105dzenie o ochronie danych) z dnia 27 kwietnia 2016r.<\/li>\n<\/ol>\n<p>Celem realizacji zada\u0144 i obowi\u0105zk\u00f3w prawnych ci\u0105\u017c\u0105cych na administratorze oraz wykonania zadania realizowanego w interesie publicznym lub w ramach sprawowania w\u0142adzy publicznej powierzonej administratorowi a tak\u017ce celem wykonania lub zawarcia umowy.<\/p>\n<p>\u00a0<\/p>\n<ol start=\"4\">\n<li><strong>ODBIORCY DANYCH<\/strong><\/li>\n<\/ol>\n<p><strong>\u00a0<\/strong>Odbiorcami danych osobowych II Liceum Og\u00f3lnokszta\u0142c\u0105cego z Oddzia\u0142ami Dwuj\u0119zycznymi im. Emilii Plater w Sosnowcu s\u0105:<\/p>\n<ol>\n<li>organy pa\u0144stwowe lub samorz\u0105dowe oraz inne podmioty uprawnione<br \/>na podstawie przepis\u00f3w prawa, celem wykonania ci\u0105\u017c\u0105cych<br \/>na administratorze obowi\u0105zk\u00f3w statutowych lub ustawowych,<\/li>\n<li>podmioty wspieraj\u0105ce w zakresie obs\u0142ugi i konserwacji system\u00f3w informatycznych.<\/li>\n<\/ol>\n<p>Przetwarzanie danych jest zgodne z prawem w przypadkach kiedy:<\/p>\n<ol>\n<li>osoba, kt\u00f3rej dane dotycz\u0105 wyrazi\u0142a zgod\u0119 na przetwarzanie swoich danych osobowych w jednym lub wi\u0119kszej liczbie okre\u015blonych cel\u00f3w,<\/li>\n<li>przetwarzanie jest niezb\u0119dne do wykonania umowy, kt\u00f3rej stron\u0105 jest osoba, kt\u00f3rej dane dotycz\u0105, lub do podj\u0119cia dzia\u0142a\u0144 na \u017c\u0105danie osoby, kt\u00f3rej dane dotycz\u0105, przed zawarciem umowy,<\/li>\n<li>przetwarzanie jest niezb\u0119dne do wype\u0142nienia obowi\u0105zku prawnego ci\u0105\u017c\u0105cego na administratorze;<\/li>\n<li>przetwarzanie jest niezb\u0119dne do wykonania zadania realizowanego<br \/>w interesie publicznym lub w ramach sprawowania w\u0142adzy publicznej powierzonej administratorowi.<\/li>\n<\/ol>\n<p>\u00a0<\/p>\n<ol start=\"5\">\n<li><strong>OKRES PRZECHOWYWANIA DANYCH<\/strong><\/li>\n<\/ol>\n<p>II Liceum Og\u00f3lnokszta\u0142c\u0105ce z Oddzia\u0142ami Dwuj\u0119zycznymi im. Emilii Plater<br \/>w Sosnowcu przechowuje dane osobowe przez okres niezb\u0119dny do realizacji celu, dla kt\u00f3rego zosta\u0142y zebrane nie d\u0142u\u017cej jednak ni\u017c przez okres przewidziany<br \/>w przepisach prawa, w tym ustawie z 14 lipca 1983r. o narodowym zasobie archiwalnym i archiwach (t.j. Dz. U. z 2018 r., poz. 217 ze zm.) oraz Rozporz\u0105dzeniu Prezesa Rady Ministr\u00f3w z 18 stycznia 2011r. w sprawie instrukcji kancelaryjnej, jednolitych rzeczowych wykaz\u00f3w akt oraz instrukcji \u00a0\u00a0\u00a0\u00a0\u00a0\u00a0\u00a0\u00a0\u00a0\u00a0\u00a0\u00a0\u00a0\u00a0\u00a0\u00a0\u00a0\u00a0\u00a0\u00a0\u00a0\u00a0\u00a0\u00a0\u00a0\u00a0\u00a0w sprawie organizacji i zakresu dzia\u0142ania archiw\u00f3w zak\u0142adowych (Dz. U. z 2011r., Nr 14, poz. 67).<\/p>\n<p>\u00a0<\/p>\n<ol start=\"6\">\n<li><strong>PRAWA OS\u00d3B, KT\u00d3RYCH DANE S\u0104 PRZETWARZANE<\/strong><\/li>\n<\/ol>\n<p><strong>\u00a0<\/strong><\/p>\n<p>Osobie, kt\u00f3rej dane s\u0105 przetwarzane przys\u0142uguje prawo:<\/p>\n<ol>\n<li>dost\u0119pu do swoich danych,<\/li>\n<li>sprostowania (poprawiania) swoich danych,<\/li>\n<li>usuni\u0119cia danych,<\/li>\n<li>ograniczenia przetwarzania danych,<\/li>\n<li>cofni\u0119cia zgody na przetwarzania danych w ka\u017cdej chwili (cofni\u0119cie zgody nie wp\u0142ywa na zgodno\u015b\u0107 z prawem przetwarzania danych, kt\u00f3rych dokonano<br \/>na podstawie zgody udzielonej przed jej wycofaniem).<\/li>\n<\/ol>\n<p>\u00a0<\/p>\n<ol start=\"7\">\n<li><strong>PRZETWARZANIE DANYCH OSOBOWYCH W SPOS\u00d3B ZAUTOMATYZOWANY<\/strong><\/li>\n<\/ol>\n<p>II Liceum Og\u00f3lnokszta\u0142c\u0105ce im. Emilii Plater z Oddzia\u0142ami Dwuj\u0119zycznymi<br \/>w Sosnowcu nie przetwarza danych osobowych w spos\u00f3b zautomatyzowany ani danych tych nie profiluje.<\/p>\n<ol start=\"8\">\n<li><strong>SKARGA DO PREZESA URZ\u0118DU OCHRONY DANYCH OSOBOWYCH<\/strong><\/li>\n<\/ol>\n<p>W przypadku uznania, \u017ce II Liceum Og\u00f3lnokszta\u0142c\u0105ce z Oddzia\u0142ami Dwuj\u0119zycznymi im. Emilii Plater w Sosnowcu narusza przepisy rozporz\u0105dzenia Parlamentu Europejskiego i Rady (UE) 2016\/679 z dnia 27 kwietnia 2016r. w sprawie ochrony os\u00f3b fizycznych w zwi\u0105zku z przetwarzaniem danych osobowych i w sprawie swobodnego przep\u0142ywu takich danych oraz uchylenia dyrektywy 95\/46\/WE (RODO), osoba, kt\u00f3rej dane dotycz\u0105, mo\u017ce z\u0142o\u017cy\u0107 skarg\u0119 do Prezesa Urz\u0119du Ochrony Danych Osobowych (PUODO) z siedzib\u0105 w Warszawie (00-014) ul. Moniuszki 1A.<\/p>\n<p>\u00a0<\/p>\n<p>\u00a0<\/p>\n<p style=\"text-align: center;\"><strong><em>KLAUZULA INFORMACYJNA <\/em><\/strong><\/p>\n<p style=\"text-align: center;\"><strong><em>W ZWI\u0104ZKU Z EWIDENCJ\u0104 WEJ\u015a\u0106 I WYJ\u015a\u0106 <\/em><\/strong><\/p>\n<p><strong>\u00a0<\/strong><\/p>\n<p>\u00a0\u00a0\u00a0\u00a0\u00a0\u00a0\u00a0\u00a0\u00a0\u00a0\u00a0\u00a0\u00a0 Na podstawie art. 13 ust. 1 i 2 Rozporz\u0105dzenia Parlamentu Europejskiego i Rady (UE) 2016\/ 679 z dnia 27 kwietnia 2016r. w sprawie ochrony os\u00f3b fizycznych w zwi\u0105zku z przetwarzaniem danych osobowych i w sprawie swobodnego przep\u0142ywu takich danych oraz uchylenia dyrektywy 95\/46\/WE (dalej: RODO), informujemy, \u017ce:<strong>\u00a0<\/strong><\/p>\n<p>\u00a0<\/p>\n<ol>\n<li>Na terenie II Liceum Og\u00f3lnokszta\u0142c\u0105cego z Oddzia\u0142ami Dwuj\u0119zycznymi im. Emilii Plater w Sosnowcu, ul. Parkowa 1, 41-200 Sosnowiec, stosowana jest ewidencja dost\u0119pu do plac\u00f3wki (ewidencja wej\u015b\u0107 i wyj\u015b\u0107).<\/li>\n<li>Administratorem danych osobowych jest II Liceum Og\u00f3lnokszta\u0142c\u0105cego <br \/>z Oddzia\u0142ami Dwuj\u0119zycznymi im. Emilii Plater w Sosnowcu, reprezentowany przez Dyrektora.<\/li>\n<li>W sprawach zwi\u0105zanych z przetwarzaniem danych osobowych mog\u0105 Pa\u0144stwo kontaktowa\u0107 si\u0119 z Inspektorem Ochrony Danych: Panem Przemys\u0142awem Szewczyk<\/li>\n<\/ol>\n<p>Email: <a href=\"mailto:p.szewczyk@cuwsosnowiec.pl\">p.szewczyk@cuwsosnowiec.pl<\/a>, tel: 32 291 37 24 wew: 217<\/p>\n<p>Administrator przetwarza Pa\u0144stwa dane osobowe na potrzeby ewidencjonowania dost\u0119pu do plac\u00f3wki (wej\u015b\u0107 i wyj\u015b\u0107), w nast\u0119puj\u0105cym zakresie: <em>imi\u0119, nazwisko, data oraz godzina wej\u015bcia do plac\u00f3wki, godzina opuszczenia plac\u00f3wki, cel wizyty, nazwa podmiotu i podpis. <\/em><\/p>\n<ol start=\"4\">\n<li>Ewidencja dost\u0119pu do plac\u00f3wki stosowana jest celem zapewnienia bezpiecze\u0144stwa os\u00f3b na terenie plac\u00f3wki oraz ochrony mienia, na podstawie: art. 6 ust. 1 lit. c RODO w zwi\u0105zku z art. 1 pkt. 14 ustawy z dnia 14 grudnia 2016r. \u2013 Prawo o\u015bwiatowe. Dlatego tez podanie danych jest obowi\u0105zkowe.<\/li>\n<li>Odbiorcami danych s\u0105 wy\u0142\u0105cznie podmioty uprawnione do uzyskania danych osobowych na mocy przepis\u00f3w prawa.<\/li>\n<li>Dane osobowe przetwarzane s\u0105 przez czas przebywania w plac\u00f3wce, a nast\u0119pnie przechowywane przez okres roku.<\/li>\n<li>Pa\u0144stwa dane osobowe nie podlegaj\u0105 profilowaniu ani zautomatyzowanemu podejmowaniu decyzji.<\/li>\n<li>Maj\u0105 Pa\u0144stwo prawo do dost\u0119pu do swoich danych osobowych, ich sprostowania usuni\u0119cia oraz ograniczenia przetwarzania, prawo do sprzeciwu wobec przetwarzania danych osobowych oraz wniesienia skargi do organu nadzorczego &#8211; Prezesa Urz\u0119du Ochrony Danych Osobowych, ul. Moniuszki 1A, 00 \u2013 014 Warszawa, w przypadku uznania, \u017ce przetwarzanie danych osobowych narusza przepisy dot. ochrony danych osobowych.<\/li>\n<\/ol>\n<p>\u00a0<\/p>\n<\/div><\/div><\/div><\/div><\/div><\/div><\/div><\/div>","protected":false},"excerpt":{"rendered":"","protected":false},"author":4,"featured_media":0,"parent":0,"menu_order":0,"comment_status":"closed","ping_status":"closed","template":"","meta":{"_acf_changed":false,"_stopmodifiedupdate":false,"_modified_date":"","footnotes":""},"categories":[],"tags":[],"class_list":["post-5887","page","type-page","status-publish"],"acf":[],"_links":{"self":[{"href":"https:\/\/plater.edu.pl\/liceum\/wp-json\/wp\/v2\/pages\/5887","targetHints":{"allow":["GET"]}}],"collection":[{"href":"https:\/\/plater.edu.pl\/liceum\/wp-json\/wp\/v2\/pages"}],"about":[{"href":"https:\/\/plater.edu.pl\/liceum\/wp-json\/wp\/v2\/types\/page"}],"author":[{"embeddable":true,"href":"https:\/\/plater.edu.pl\/liceum\/wp-json\/wp\/v2\/users\/4"}],"replies":[{"embeddable":true,"href":"https:\/\/plater.edu.pl\/liceum\/wp-json\/wp\/v2\/comments?post=5887"}],"version-history":[{"count":4,"href":"https:\/\/plater.edu.pl\/liceum\/wp-json\/wp\/v2\/pages\/5887\/revisions"}],"predecessor-version":[{"id":6051,"href":"https:\/\/plater.edu.pl\/liceum\/wp-json\/wp\/v2\/pages\/5887\/revisions\/6051"}],"wp:attachment":[{"href":"https:\/\/plater.edu.pl\/liceum\/wp-json\/wp\/v2\/media?parent=5887"}],"wp:term":[{"taxonomy":"category","embeddable":true,"href":"https:\/\/plater.edu.pl\/liceum\/wp-json\/wp\/v2\/categories?post=5887"},{"taxonomy":"post_tag","embeddable":true,"href":"https:\/\/plater.edu.pl\/liceum\/wp-json\/wp\/v2\/tags?post=5887"}],"curies":[{"name":"wp","href":"https:\/\/api.w.org\/{rel}","templated":true}]}}